{"id":52001,"date":"2020-07-22T21:04:27","date_gmt":"2020-07-22T19:04:27","guid":{"rendered":"http:\/\/www.schmitten-tourismus.ch\/?post_type=mec-events&#038;p=52001"},"modified":"2020-07-22T22:52:30","modified_gmt":"2020-07-22T20:52:30","slug":"kirche-und-kapelle","status":"publish","type":"mec-events","link":"https:\/\/schmitten-tourismus.ch\/?mec-events=kirche-und-kapelle","title":{"rendered":"Kirche und Kapelle"},"content":{"rendered":"<p>Auf einem l\u00e4nglichen H\u00fcgel mittig im Dorf, mit sch\u00f6nster Panoramasicht \u00fcber das Albulatal, liegen die Pfarrkirche Allerheiligen mit ihrem gotischen Glockenturm, und dahinter die kleine Luziuskapelle. Vorbei an der ehemaligen Post und dem 1707 erbauten Pfarrhaus folgt man dem Kreuzweg von 1761, dessen Passionsbilder seit 1985 wieder vollst\u00e4ndig renoviert sind, hinauf zum Friedhof, der die Pfarrkirche Allerheiligen und die Kapelle St. Luzius umschliesst.<\/p>\n<p>Am 22. Dez. 67 wurden 3 neue Glocken f\u00fcr Schmitten gegossen, die mit der fr\u00fcheren mittleren Glocke noch heute das Gel\u00e4ut von Schmitten ausmacht. Die 400-j\u00e4hrige, grosse Glocke kann auf dem Kirchenh\u00fcgel besichtigt werden.<\/p>\n","protected":false},"excerpt":{"rendered":"<p>Auf einem l\u00e4nglichen H\u00fcgel mittig im Dorf, mit sch\u00f6nster Panoramasicht \u00fcber das Albulatal, liegen die Pfarrkirche Allerheiligen mit ihrem gotischen&nbsp;[&hellip;]<\/p>\n","protected":false},"author":1,"featured_media":264,"comment_status":"closed","ping_status":"closed","template":"","tags":[40,41],"mec_category":[39],"class_list":["post-52001","mec-events","type-mec-events","status-publish","has-post-thumbnail","hentry","tag-sommer-in-schmitten","tag-winter-in-schmitten","mec_category-kultur-und-geschichte","post-item clearfix"],"_links":{"self":[{"href":"https:\/\/schmitten-tourismus.ch\/index.php?rest_route=\/wp\/v2\/mec-events\/52001","targetHints":{"allow":["GET"]}}],"collection":[{"href":"https:\/\/schmitten-tourismus.ch\/index.php?rest_route=\/wp\/v2\/mec-events"}],"about":[{"href":"https:\/\/schmitten-tourismus.ch\/index.php?rest_route=\/wp\/v2\/types\/mec-events"}],"author":[{"embeddable":true,"href":"https:\/\/schmitten-tourismus.ch\/index.php?rest_route=\/wp\/v2\/users\/1"}],"replies":[{"embeddable":true,"href":"https:\/\/schmitten-tourismus.ch\/index.php?rest_route=%2Fwp%2Fv2%2Fcomments&post=52001"}],"wp:featuredmedia":[{"embeddable":true,"href":"https:\/\/schmitten-tourismus.ch\/index.php?rest_route=\/wp\/v2\/media\/264"}],"wp:attachment":[{"href":"https:\/\/schmitten-tourismus.ch\/index.php?rest_route=%2Fwp%2Fv2%2Fmedia&parent=52001"}],"wp:term":[{"taxonomy":"post_tag","embeddable":true,"href":"https:\/\/schmitten-tourismus.ch\/index.php?rest_route=%2Fwp%2Fv2%2Ftags&post=52001"},{"taxonomy":"mec_category","embeddable":true,"href":"https:\/\/schmitten-tourismus.ch\/index.php?rest_route=%2Fwp%2Fv2%2Fmec_category&post=52001"}],"curies":[{"name":"wp","href":"https:\/\/api.w.org\/{rel}","templated":true}]}}