{"id":51999,"date":"2020-07-22T20:51:41","date_gmt":"2020-07-22T18:51:41","guid":{"rendered":"http:\/\/www.schmitten-tourismus.ch\/?post_type=mec-events&#038;p=51999"},"modified":"2020-08-04T20:55:18","modified_gmt":"2020-08-04T18:55:18","slug":"zum-wiesner-viadukt","status":"publish","type":"mec-events","link":"https:\/\/schmitten-tourismus.ch\/?mec-events=zum-wiesner-viadukt","title":{"rendered":"Zum Wiesner Viadukt"},"content":{"rendered":"<p>Vorbei am Schmittner Spielplatz hinunter in die Schluocht f\u00fchrt der Wanderweg in ca. einer Stunde zum Wiesner Bahnhof, wo das Wiesener Viadukt \u2013 in n\u00e4chster N\u00e4he vom Wiesner Bahnhof gelegen \u2013\u00a0 auf dem Fussweg passiert werden kann. Vom Aussichtspunkt auf der gegen\u00fcberliegenden Seite hat man einen wunderbaren Blick. Die kleine Ausstellung im Bahnhof Wiesen gibt Auskunft \u00fcber die Erstellung des Bauwerks. Im Sommer treffen sich dort im Z\u00fcga-Beizli Bahnfans, Biker und Wanderer bei kleinen aber feinen hausgemachten einheimischen Spezialit\u00e4ten. (T\u00e4glich offen 11:00 \u2013 17:00).<\/p>\n<p>F\u00fcr Fans von herausragenden Bahnstrecken: Es f\u00e4hrt vom 09.05. \u2013 25.10.2020 zweimal t\u00e4glich ein <a href=\"https:\/\/www.rhb.ch\/de\/erlebniswelt-bahn\/dampf-nostalgiefahrten\/historische-fahrten\">Nostalgiezug der RhB<\/a> auf der Linie Davos-Filisur! Der Nachmittagszug f\u00e4hrt zur Zeit der F\u00fchrung zum Wiesner Viadukt.<\/p>\n<p>Der Wiesner Bahnhof ist Ausgangspunkt f\u00fcr eine Wanderung durch die Z\u00fcgenschlucht, oder der Beginn zur Wanderung nach Filisur.<\/p>\n","protected":false},"excerpt":{"rendered":"<p>Vorbei am Schmittner Spielplatz hinunter in die Schluocht f\u00fchrt der Wanderweg in ca. einer Stunde zum Wiesner Bahnhof, wo das&nbsp;[&hellip;]<\/p>\n","protected":false},"author":1,"featured_media":51736,"comment_status":"closed","ping_status":"closed","template":"","tags":[40],"mec_category":[36,39],"class_list":["post-51999","mec-events","type-mec-events","status-publish","has-post-thumbnail","hentry","tag-sommer-in-schmitten","mec_category-draussen-in-der-natur","mec_category-kultur-und-geschichte","post-item clearfix"],"_links":{"self":[{"href":"https:\/\/schmitten-tourismus.ch\/index.php?rest_route=\/wp\/v2\/mec-events\/51999","targetHints":{"allow":["GET"]}}],"collection":[{"href":"https:\/\/schmitten-tourismus.ch\/index.php?rest_route=\/wp\/v2\/mec-events"}],"about":[{"href":"https:\/\/schmitten-tourismus.ch\/index.php?rest_route=\/wp\/v2\/types\/mec-events"}],"author":[{"embeddable":true,"href":"https:\/\/schmitten-tourismus.ch\/index.php?rest_route=\/wp\/v2\/users\/1"}],"replies":[{"embeddable":true,"href":"https:\/\/schmitten-tourismus.ch\/index.php?rest_route=%2Fwp%2Fv2%2Fcomments&post=51999"}],"wp:featuredmedia":[{"embeddable":true,"href":"https:\/\/schmitten-tourismus.ch\/index.php?rest_route=\/wp\/v2\/media\/51736"}],"wp:attachment":[{"href":"https:\/\/schmitten-tourismus.ch\/index.php?rest_route=%2Fwp%2Fv2%2Fmedia&parent=51999"}],"wp:term":[{"taxonomy":"post_tag","embeddable":true,"href":"https:\/\/schmitten-tourismus.ch\/index.php?rest_route=%2Fwp%2Fv2%2Ftags&post=51999"},{"taxonomy":"mec_category","embeddable":true,"href":"https:\/\/schmitten-tourismus.ch\/index.php?rest_route=%2Fwp%2Fv2%2Fmec_category&post=51999"}],"curies":[{"name":"wp","href":"https:\/\/api.w.org\/{rel}","templated":true}]}}